{"id":1473,"date":"2026-04-10T11:41:08","date_gmt":"2026-04-10T09:41:08","guid":{"rendered":"https:\/\/motivaciomuhely.hu\/?page_id=1473"},"modified":"2026-04-24T16:30:13","modified_gmt":"2026-04-24T14:30:13","slug":"modszereink","status":"publish","type":"page","link":"https:\/\/motivaciomuhely.hu\/en\/modszereink\/","title":{"rendered":"Our Methods"},"content":{"rendered":"<p class=\"text-justify\">At Motivation Collective, we develop and apply our own pedagogical programs and methods to support disadvantaged children and young people. Our work is grounded in educational research, our experience in after-school programs and formal education, and the needs we encounter in our day-to-day practice.<\/p>\n\n\n\n<p class=\"text-justify\">While we use these methods in our own programs, we are equally committed to making them accessible and applicable to others. Many of our approaches can be effectively used in after-school programs, school settings, teacher education, and\u2014 in some cases\u2014informal or home learning environments.<\/p>\n\n\n\n<p class=\"text-justify\">Below are some of the key methods that shape our pedagogical work.<\/p>\n\n\n\n<p><\/p>\n\n\n\n<p class=\"text-justify has-custom-sz-n-2-color has-text-color has-link-color has-medium-font-size wp-elements-aa48b78fffb9d2d6759209ea8d88b785\" id=\"motivacioalapu-szovegertes\"><strong>Motivation-Based Reading Comprehension Development. Theory and Practice of Supporting Reading Strategies and Motivation Across School Subjects (available in Hungarian)<\/strong><\/p>\n\n\n\n<p class=\"text-justify\">One of the key challenges our work addresses is that, while early reading instruction receives significant attention in schools, the development of reading comprehension often becomes less of a focus in later years. Yet learning to read is a long-term process\u2014spanning nearly a decade\u2014and requires continued support well beyond the early grades.<\/p>\n\n\n\n<p class=\"text-justify\">Our approach is based on the idea that reading comprehension can and should be developed across subjects, both in upper primary and secondary education. In fact, working with texts of different types, structures, and content areas is particularly effective in supporting students\u2019 development.\nThe Motivation-Based Reading Comprehension Development framework offers practical guidance for integrating reading support into subject-based teaching, thereby improving both teaching effectiveness and learning outcomes.<\/p>\n\n\n\n<p class=\"text-justify\">The method is designed for primary and secondary school teachers, special education teachers, development specialists, mentors working in equity-focused programs, and pre-service teachers preparing for these professions. It can be applied from the final years of primary school through the end of secondary education. It may also be useful for parents, helping them better understand their children\u2019s development and support them throughout the long process of learning to read.<\/p>\n\n\n\n<p class=\"text-justify\">In our after-school programs, this approach forms the foundation of our reading development work, and reading comprehension is integrated into all learning activities. All staff members and volunteers receive 30 hours of training to support the effective use of the method.&nbsp;<\/p>\n\n\n\n<p class=\"text-justify\">The framework is described in our publication <em>Motivation-based reading comprehension development. Theory and practice of supporting reading strategies and motivation across school subjects<\/em> , which was developed in collaboration with the Reading and Motivation Research Group led by J\u00f3zsef Bal\u00e1zs Fejes, PhD, President of Motivation Collective.<\/p>\n\n\n\n<figure class=\"wp-block-image size-large is-resized\"><a href=\"https:\/\/motivaciomuhely.hu\/en\/publikaciok\/\"><img loading=\"lazy\" decoding=\"async\" width=\"719\" height=\"1024\" src=\"https:\/\/motivaciomuhely.hu\/wp-content\/uploads\/2025\/08\/SZTE-Motivacioalapu-szovegertes-fejlesztes-online-1-2-719x1024.png\" alt=\"\" class=\"wp-image-1154\" style=\"width:164px;height:auto\" srcset=\"https:\/\/motivaciomuhely.hu\/wp-content\/uploads\/2025\/08\/SZTE-Motivacioalapu-szovegertes-fejlesztes-online-1-2-719x1024.png 719w, https:\/\/motivaciomuhely.hu\/wp-content\/uploads\/2025\/08\/SZTE-Motivacioalapu-szovegertes-fejlesztes-online-1-2-211x300.png 211w, https:\/\/motivaciomuhely.hu\/wp-content\/uploads\/2025\/08\/SZTE-Motivacioalapu-szovegertes-fejlesztes-online-1-2-768x1094.png 768w, https:\/\/motivaciomuhely.hu\/wp-content\/uploads\/2025\/08\/SZTE-Motivacioalapu-szovegertes-fejlesztes-online-1-2-1078x1536.png 1078w, https:\/\/motivaciomuhely.hu\/wp-content\/uploads\/2025\/08\/SZTE-Motivacioalapu-szovegertes-fejlesztes-online-1-2-1438x2048.png 1438w, https:\/\/motivaciomuhely.hu\/wp-content\/uploads\/2025\/08\/SZTE-Motivacioalapu-szovegertes-fejlesztes-online-1-2-8x12.png 8w, https:\/\/motivaciomuhely.hu\/wp-content\/uploads\/2025\/08\/SZTE-Motivacioalapu-szovegertes-fejlesztes-online-1-2.png 1949w\" sizes=\"auto, (max-width: 719px) 100vw, 719px\" \/><\/a><\/figure>\n\n\n\n<p class=\"text-justify has-custom-sz-n-2-color has-text-color has-link-color has-medium-font-size wp-elements-5daf859e86bb661cdc86c7be4d394b71\" id=\"klimatanterv\"><strong>Climate-Conscious Education \u2013 Motivation Climate Curriculum<\/strong><\/p>\n\n\n\n<p class=\"text-justify\">We developed our climate education program in response to the growing need for education to address environmental challenges, particularly climate change. For disadvantaged children and young people, this issue is especially critical, as they are often disproportionately affected by environmental changes. At the same time, we aimed to create a methodology that supports teachers who are committed to integrating climate awareness into their work.<\/p>\n\n\n\n<p class=\"text-justify\">We launched a pilot climate education program in our after-school programs in January 2021. The process began with reviewing national and international research, participating in training programs, adapting an English-language climate curriculum, and developing a structured set of learning activities. In 2022, we began systematically testing and refining the methodology based on the <em>The curriculum<\/em> .<\/p>\n\n\n\n<p class=\"text-justify\">By founding and coordinating the <em>The curriculum<\/em> defines learning goals for students aged 6 to 18 in terms of knowledge, skills, and attitudes related to climate awareness. It also provides practical guidance and activities to support these goals. The content is organized around key themes, including the scientific background of climate change, its impacts, possible responses, consumption and climate justice, emotions and behavior, and future scenarios.<\/p>\n\n\n\n<p class=\"text-justify\">In our programs, climate-focused sessions are held every three months by a dedicated professional team, often connected to the changing seasons. These sessions are known among participants as the Green Collective \u2013 Taking a Closer Look at Nature, reflecting the children\u2019s own naming and engagement with the program.<\/p>\n\n\n\n<figure class=\"wp-block-gallery has-nested-images columns-default is-cropped wp-block-gallery-1 is-layout-flex wp-block-gallery-is-layout-flex\" style=\"border-style:none;border-width:0px\">\n<figure class=\"wp-block-image size-large\"><img loading=\"lazy\" decoding=\"async\" width=\"799\" height=\"533\" data-id=\"1475\" src=\"https:\/\/motivaciomuhely.hu\/wp-content\/uploads\/2026\/04\/klimakonyvek.jpg\" alt=\"\" class=\"wp-image-1475\" srcset=\"https:\/\/motivaciomuhely.hu\/wp-content\/uploads\/2026\/04\/klimakonyvek.jpg 799w, https:\/\/motivaciomuhely.hu\/wp-content\/uploads\/2026\/04\/klimakonyvek-300x200.jpg 300w, https:\/\/motivaciomuhely.hu\/wp-content\/uploads\/2026\/04\/klimakonyvek-768x512.jpg 768w, https:\/\/motivaciomuhely.hu\/wp-content\/uploads\/2026\/04\/klimakonyvek-18x12.jpg 18w\" sizes=\"auto, (max-width: 799px) 100vw, 799px\" \/><\/figure>\n\n\n\n<figure class=\"wp-block-image size-large\" style=\"margin-top:0;margin-right:0;margin-bottom:0;margin-left:0\"><img loading=\"lazy\" decoding=\"async\" width=\"1024\" height=\"683\" data-id=\"1474\" src=\"https:\/\/motivaciomuhely.hu\/wp-content\/uploads\/2026\/04\/hosziget-1024x683.jpg\" alt=\"\" class=\"wp-image-1474\" srcset=\"https:\/\/motivaciomuhely.hu\/wp-content\/uploads\/2026\/04\/hosziget-1024x683.jpg 1024w, https:\/\/motivaciomuhely.hu\/wp-content\/uploads\/2026\/04\/hosziget-300x200.jpg 300w, https:\/\/motivaciomuhely.hu\/wp-content\/uploads\/2026\/04\/hosziget-768x512.jpg 768w, https:\/\/motivaciomuhely.hu\/wp-content\/uploads\/2026\/04\/hosziget-1536x1024.jpg 1536w, https:\/\/motivaciomuhely.hu\/wp-content\/uploads\/2026\/04\/hosziget-18x12.jpg 18w, https:\/\/motivaciomuhely.hu\/wp-content\/uploads\/2026\/04\/hosziget.jpg 2048w\" sizes=\"auto, (max-width: 1024px) 100vw, 1024px\" \/><\/figure>\n\n\n\n<figure class=\"wp-block-image size-large\"><img loading=\"lazy\" decoding=\"async\" width=\"799\" height=\"533\" data-id=\"1476\" src=\"https:\/\/motivaciomuhely.hu\/wp-content\/uploads\/2026\/04\/hosziget-1.jpg\" alt=\"\" class=\"wp-image-1476\" srcset=\"https:\/\/motivaciomuhely.hu\/wp-content\/uploads\/2026\/04\/hosziget-1.jpg 799w, https:\/\/motivaciomuhely.hu\/wp-content\/uploads\/2026\/04\/hosziget-1-300x200.jpg 300w, https:\/\/motivaciomuhely.hu\/wp-content\/uploads\/2026\/04\/hosziget-1-768x512.jpg 768w, https:\/\/motivaciomuhely.hu\/wp-content\/uploads\/2026\/04\/hosziget-1-18x12.jpg 18w\" sizes=\"auto, (max-width: 799px) 100vw, 799px\" \/><\/figure>\n<\/figure>\n\n\n\n<p class=\"text-justify has-custom-sz-n-2-color has-text-color has-link-color has-medium-font-size wp-elements-da6f370a700053969562bb6f4795a409\" id=\"permakultura-kerttervezes\"><strong>Participatory Garden Design with Permaculture<\/strong><\/p>\n\n\n\n<p class=\"text-justify\">Children today are increasingly disconnected from nature, spending less time outdoors. This not only affects their environmental awareness, but can also have negative consequences for their physical and mental well-being.\nEducators can play a key role in reconnecting children with nature by incorporating schoolyards, gardens, and other green spaces into learning. These environments support not only environmental awareness, but also well-being, community building, and sustainability.<\/p>\n\n\n\n<p class=\"text-justify\">Our method was developed in response to the limited opportunities available for nature-based learning. It is based on the permaculture SADIMET design framework, which includes stages such as surveying, analysis, design, implementation, maintenance, and evaluation\u2014adapted into practical, age-appropriate activities for children.\nPermaculture itself is a systems-based approach to designing sustainable human environments. By involving children in the planning and development process, we strengthen their connection to the space and ensure that it reflects their needs and ideas. They are given opportunities to express their views, articulate their needs, and translate them into concrete actions.<\/p>\n\n\n\n<p class=\"text-justify\">At the same time, they develop practical skills\u2014such as tool use and gardening\u2014and gain knowledge in the natural sciences. The method can be applied both in school and out-of-school contexts, supporting nature-based learning and climate-conscious thinking.<\/p>\n\n\n\n<p class=\"text-justify has-custom-sz-n-2-color has-text-color has-link-color has-medium-font-size wp-elements-32136dedc7fd65cb5d005000579cd608\" id=\"matematikaigondolkodas-fejlesztes\"><strong>Motivation-Based Mathematical Thinking Development<\/strong><\/p>\n\n\n\n<p class=\"text-justify\">Research, including findings from PISA (Programme for International Student Assessment), shows that students\u2019 confidence in solving mathematical problems is strongly influenced by their social and environmental background, their home learning conditions, and their parents\u2019 level of education. Both research and our own experience indicate that students\u2019 mathematical performance is closely linked to how competent they feel and how much they believe in their ability to succeed. When this confidence is low, it often has a direct impact on performance.<\/p>\n\n\n\n<p class=\"text-justify\">Our Motivation-Based Mathematical Thinking Development program builds on this insight. Its goal is to provide children and young people in our programs with frequent positive experiences related to problem-solving in mathematics. Activities are designed so that students engage with mathematical thinking in an enjoyable and often implicit way.\nOne of our key tools is The Ladder of Puzzles, a magazine-style collection of exercises and activities. Its aim is to strengthen students\u2019 motivation to engage with mathematics. In addition to playful tasks, it provides background guidance for mentors, enabling even those without a mathematics background to effectively support learners.<\/p>\n\n\n\n<p class=\"text-justify\">Ehhez kapcsol\u00f3d\u00f3 egyik saj\u00e1t fejleszt\u00e9s\u0171 eszk\u00f6z\u00fcnk a <em>Rejtv\u00e9nyek L\u00e9tr\u00e1ja<\/em>The content is organized thematically across issues, covering different topics and knowledge areas. Each issue includes multiple sections, with tasks connected to different subjects, demonstrating the possibilities of interdisciplinary learning. A special section, Climate Tasks, links mathematical thinking with climate awareness.<\/p>\n\n\n\n<p class=\"text-justify\">Students can earn points by completing tasks, which they can later exchange in a \u201cmath shop\u201d for logic games, board games, or books.<\/p>\n\n\n\n<figure class=\"wp-block-gallery has-nested-images columns-default is-cropped wp-block-gallery-2 is-layout-flex wp-block-gallery-is-layout-flex\">\n<figure class=\"wp-block-image size-large\"><img loading=\"lazy\" decoding=\"async\" width=\"1024\" height=\"683\" data-id=\"1479\" src=\"https:\/\/motivaciomuhely.hu\/wp-content\/uploads\/2026\/04\/rejtv-1024x683.jpg\" alt=\"\" class=\"wp-image-1479\" srcset=\"https:\/\/motivaciomuhely.hu\/wp-content\/uploads\/2026\/04\/rejtv-1024x683.jpg 1024w, https:\/\/motivaciomuhely.hu\/wp-content\/uploads\/2026\/04\/rejtv-300x200.jpg 300w, https:\/\/motivaciomuhely.hu\/wp-content\/uploads\/2026\/04\/rejtv-768x512.jpg 768w, https:\/\/motivaciomuhely.hu\/wp-content\/uploads\/2026\/04\/rejtv-1536x1024.jpg 1536w, https:\/\/motivaciomuhely.hu\/wp-content\/uploads\/2026\/04\/rejtv-18x12.jpg 18w, https:\/\/motivaciomuhely.hu\/wp-content\/uploads\/2026\/04\/rejtv.jpg 2048w\" sizes=\"auto, (max-width: 1024px) 100vw, 1024px\" \/><\/figure>\n\n\n\n<figure class=\"wp-block-image size-large\"><img loading=\"lazy\" decoding=\"async\" width=\"1024\" height=\"768\" data-id=\"1477\" src=\"https:\/\/motivaciomuhely.hu\/wp-content\/uploads\/2026\/04\/rejtv1-1024x768.jpg\" alt=\"\" class=\"wp-image-1477\" srcset=\"https:\/\/motivaciomuhely.hu\/wp-content\/uploads\/2026\/04\/rejtv1-1024x768.jpg 1024w, https:\/\/motivaciomuhely.hu\/wp-content\/uploads\/2026\/04\/rejtv1-300x225.jpg 300w, https:\/\/motivaciomuhely.hu\/wp-content\/uploads\/2026\/04\/rejtv1-768x576.jpg 768w, https:\/\/motivaciomuhely.hu\/wp-content\/uploads\/2026\/04\/rejtv1-1536x1152.jpg 1536w, https:\/\/motivaciomuhely.hu\/wp-content\/uploads\/2026\/04\/rejtv1-16x12.jpg 16w, https:\/\/motivaciomuhely.hu\/wp-content\/uploads\/2026\/04\/rejtv1.jpg 2016w\" sizes=\"auto, (max-width: 1024px) 100vw, 1024px\" \/><\/figure>\n\n\n\n<figure class=\"wp-block-image size-large\"><img loading=\"lazy\" decoding=\"async\" width=\"1024\" height=\"706\" data-id=\"1478\" src=\"https:\/\/motivaciomuhely.hu\/wp-content\/uploads\/2026\/04\/rejtv2-1024x706.jpg\" alt=\"\" class=\"wp-image-1478\" srcset=\"https:\/\/motivaciomuhely.hu\/wp-content\/uploads\/2026\/04\/rejtv2-1024x706.jpg 1024w, https:\/\/motivaciomuhely.hu\/wp-content\/uploads\/2026\/04\/rejtv2-300x207.jpg 300w, https:\/\/motivaciomuhely.hu\/wp-content\/uploads\/2026\/04\/rejtv2-768x530.jpg 768w, https:\/\/motivaciomuhely.hu\/wp-content\/uploads\/2026\/04\/rejtv2-18x12.jpg 18w, https:\/\/motivaciomuhely.hu\/wp-content\/uploads\/2026\/04\/rejtv2.jpg 1227w\" sizes=\"auto, (max-width: 1024px) 100vw, 1024px\" \/><\/figure>\n<\/figure>","protected":false},"excerpt":{"rendered":"<p>A Motiv\u00e1ci\u00f3 M\u0171helyben olyan saj\u00e1t fejleszt\u00e9s\u0171 pedag\u00f3giai programokat \u00e9s m\u00f3dszereket alkalmazunk, amelyek a h\u00e1tr\u00e1nyos helyzet\u0171 gyerekek \u00e9s fiatalok t\u00e1mogat\u00e1s\u00e1t szolg\u00e1lj\u00e1k. Fejleszt\u00e9seink nevel\u00e9studom\u00e1nyi kutat\u00e1sokra, tanodai \u00e9s oktat\u00e1si tapasztalatokra, valamint a mindennapi pedag\u00f3giai munka sor\u00e1n felmer\u00fcl\u0151 sz\u00fcks\u00e9gletekre \u00e9p\u00fclnek. M\u00f3dszereinket saj\u00e1t programjainkban haszn\u00e1ljuk, ugyanakkor fontosnak tartjuk, hogy ezeket m\u00e1sok sz\u00e1m\u00e1ra is hozz\u00e1f\u00e9rhet\u0151v\u00e9 \u00e9s alkalmazhat\u00f3v\u00e1 tegy\u00fck. Sz\u00e1mos fejleszt\u00e9s\u00fcnk j\u00f3l&#8230;<\/p>","protected":false},"author":1,"featured_media":0,"parent":0,"menu_order":0,"comment_status":"closed","ping_status":"closed","template":"","meta":{"footnotes":""},"class_list":["post-1473","page","type-page","status-publish","hentry"],"_links":{"self":[{"href":"https:\/\/motivaciomuhely.hu\/en\/wp-json\/wp\/v2\/pages\/1473","targetHints":{"allow":["GET"]}}],"collection":[{"href":"https:\/\/motivaciomuhely.hu\/en\/wp-json\/wp\/v2\/pages"}],"about":[{"href":"https:\/\/motivaciomuhely.hu\/en\/wp-json\/wp\/v2\/types\/page"}],"author":[{"embeddable":true,"href":"https:\/\/motivaciomuhely.hu\/en\/wp-json\/wp\/v2\/users\/1"}],"replies":[{"embeddable":true,"href":"https:\/\/motivaciomuhely.hu\/en\/wp-json\/wp\/v2\/comments?post=1473"}],"version-history":[{"count":11,"href":"https:\/\/motivaciomuhely.hu\/en\/wp-json\/wp\/v2\/pages\/1473\/revisions"}],"predecessor-version":[{"id":1596,"href":"https:\/\/motivaciomuhely.hu\/en\/wp-json\/wp\/v2\/pages\/1473\/revisions\/1596"}],"wp:attachment":[{"href":"https:\/\/motivaciomuhely.hu\/en\/wp-json\/wp\/v2\/media?parent=1473"}],"curies":[{"name":"wp","href":"https:\/\/api.w.org\/{rel}","templated":true}]}}